{"id":17,"date":"2019-08-27T11:43:30","date_gmt":"2019-08-27T09:43:30","guid":{"rendered":"http:\/\/www.prejezdbeskyd.eu\/?page_id=17"},"modified":"2026-01-06T17:09:47","modified_gmt":"2026-01-06T16:09:47","slug":"podminky","status":"publish","type":"page","link":"https:\/\/www.prejezdbeskyd.eu\/?page_id=17","title":{"rendered":"Podm\u00ednky a cena"},"content":{"rendered":"<p><span style=\"font-size: 14pt; font-family: helvetica, arial, sans-serif;\">Bal\u00ed\u010dek je koncipov\u00e1n na 3 noci od \u010dtvrtku (p\u0159\u00edjezd) do ned\u011ble (odjezd):<\/span><\/p>\n<p><span style=\"font-size: 14pt; font-family: helvetica, arial, sans-serif;\">1.noc-\u010dtvrtek-Pra\u0161iv\u00e1, 2.noc-p\u00e1tek-Km\u00ednek, 3.noc-sobota-Port\u00e1\u0161.<\/span><\/p>\n<p><span style=\"font-size: 14pt; font-family: helvetica, arial, sans-serif;\">V\u00fdhoda pro V\u00e1s: v\u0161e objedn\u00e1v\u00e1te na jednom\u00a0<span style=\"color: #3366ff;\"><a style=\"color: #3366ff;\" href=\"http:\/\/www.prejezdbeskyd.eu\/?page_id=12\">m\u00edst\u011b<\/a><\/span>.<\/span><\/p>\n<p><span style=\"font-size: 14pt; font-family: helvetica, arial, sans-serif;\"><strong>Bal\u00ed\u010dek obsahuje:<\/strong><\/span><\/p>\n<ul>\n<li><span style=\"font-size: 14pt; font-family: helvetica, arial, sans-serif;\"><strong>3x ubytov\u00e1n\u00ed<\/strong> pro min. 2 osoby (d\u016fvod viz sekce <span style=\"color: #3366ff;\"><a style=\"color: #3366ff;\" href=\"http:\/\/www.prejezdbeskyd.eu\/?page_id=15\">Trasa<\/a><\/span>) <strong>s polopenz\u00ed<\/strong> (sn\u00eddan\u011b a ve\u010de\u0159e &#8211; ty jsou poskytov\u00e1ny dle aktu\u00e1ln\u00ed denn\u00ed nab\u00eddky jednotliv\u00fdch chat). Ubytov\u00e1n\u00ed je v pokoj\u00edch turistick\u00e9 t\u0159\u00eddy, tedy se spole\u010dn\u00fdm soc. za\u0159\u00edzen\u00edm. O v\u00fdb\u011bru konkr\u00e9tn\u00edho pokoje a l\u016f\u017eek rozhoduje chata\u0159 dle aktu\u00e1ln\u00ed situace na chat\u011b. Ve\u010de\u0159e se pod\u00e1vaj\u00ed do 18.30h, o p\u0159\u00edpadn\u00e9m pozd\u011bj\u0161\u00edm p\u0159\u00edjezdu na chatu je pot\u0159eba p\u0159edem informovat konkr\u00e9tn\u00edho chata\u0159e telefonicky nebo sms zpr\u00e1vou &#8211; viz <span style=\"color: #0000ff;\"><a style=\"color: #0000ff;\" href=\"https:\/\/www.prejezdbeskyd.eu\/?page_id=12\">Kontakty<\/a><\/span><\/span><\/li>\n<li><span style=\"font-size: 14pt; font-family: helvetica, arial, sans-serif;\">drobn\u00e1 <strong>odm\u011bna<\/strong> na konci projet\u00e9 trasy \ud83d\ude42<\/span><\/li>\n<li><span style=\"font-size: 14pt; font-family: helvetica, arial, sans-serif;\">pro e-cyklisty je na ka\u017ed\u00e9 z chat k dispozici <strong>nab\u00edje\u010dka elektrokol<\/strong> od <span style=\"color: #3366ff;\"><a style=\"color: #3366ff;\" href=\"http:\/\/www.topkolo.cz\" target=\"_blank\" rel=\"noopener noreferrer\">Topkolo<\/a><\/span><\/span><\/li>\n<li><span style=\"font-size: 14pt; font-family: helvetica, arial, sans-serif;\"><strong>bikepoint<\/strong> (z\u00e1kladn\u00ed vybaven\u00ed na drobn\u00fd servis kol)<\/span><\/li>\n<\/ul>\n<p><span style=\"font-size: 14pt; font-family: helvetica, arial, sans-serif;\"><strong>Cena bal\u00ed\u010dku:<\/strong>\u00a0<strong>2890,-K\u010d\/osoba<\/strong><\/span><\/p>\n<p><span style=\"font-size: 14pt; font-family: helvetica, arial, sans-serif;\">Z\u00e1vazn\u00e1 rezervace je podm\u00edn\u011bna uhrazen\u00edm ceny v pln\u00e9 v\u00fd\u0161i. Po p\u0159ijet\u00ed Va\u0161\u00ed objedn\u00e1vky V\u00e1m budou obratem sd\u011bleny platebn\u00ed \u00fadaje pro p\u0159evod pat\u0159i\u010dn\u00e9 \u010d\u00e1stky.<\/span><\/p>\n<p><span style=\"font-size: 14pt; font-family: helvetica, arial, sans-serif;\">U objedn\u00e1vek <strong>v\u017edy uv\u00e1d\u011bjte kontaktn\u00ed telefonn\u00ed \u010d\u00edslo<\/strong>, na kter\u00e9 se budeme moci dovolat i v pr\u016fb\u011bhu samotn\u00e9ho <strong>P\u0159ejezdu Beskyd.<\/strong><\/span><\/p>\n<p><span style=\"font-size: 14pt; font-family: helvetica, arial, sans-serif;\">Cel\u00e1 zaplacen\u00e1 \u010d\u00e1stka za bal\u00ed\u010dek P\u0159ejezdBeskyd je z\u00e1vazn\u00e1 pro dan\u00fd objednan\u00fd term\u00edn. V p\u0159\u00edpad\u011b nemo\u017enosti vyu\u017eit\u00ed tohoto term\u00ednu ze strany klienta je mu po dohod\u011b nab\u00eddnut <strong>1 n\u00e1hradn\u00ed term\u00edn<\/strong>. V p\u0159\u00edpad\u011b nevyu\u017eit\u00ed i tohoto n\u00e1hradn\u00edho term\u00ednu pak cel\u00e1 zaplacen\u00e1 \u010d\u00e1stka propad\u00e1 provozovatel\u016fm projektu jako stornopoplatek<\/span><\/p>\n","protected":false},"excerpt":{"rendered":"<p>Bal\u00ed\u010dek je koncipov\u00e1n na 3 noci od \u010dtvrtku (p\u0159\u00edjezd) do ned\u011ble (odjezd): 1.noc-\u010dtvrtek-Pra\u0161iv\u00e1, 2.noc-p\u00e1tek-Km\u00ednek, 3.noc-sobota-Port\u00e1\u0161. V\u00fdhoda pro V\u00e1s: v\u0161e objedn\u00e1v\u00e1te na jednom\u00a0m\u00edst\u011b. Bal\u00ed\u010dek obsahuje: 3x ubytov\u00e1n\u00ed pro min. 2 osoby (d\u016fvod viz sekce Trasa) s polopenz\u00ed (sn\u00eddan\u011b a ve\u010de\u0159e &#8211; ty jsou poskytov\u00e1ny dle aktu\u00e1ln\u00ed denn\u00ed nab\u00eddky jednotliv\u00fdch chat). Ubytov\u00e1n\u00ed je v pokoj\u00edch turistick\u00e9 t\u0159\u00eddy, [&hellip;]<\/p>\n","protected":false},"author":1,"featured_media":0,"parent":0,"menu_order":3,"comment_status":"closed","ping_status":"closed","template":"","meta":{"footnotes":""},"class_list":["post-17","page","type-page","status-publish","hentry"],"_links":{"self":[{"href":"https:\/\/www.prejezdbeskyd.eu\/index.php?rest_route=\/wp\/v2\/pages\/17","targetHints":{"allow":["GET"]}}],"collection":[{"href":"https:\/\/www.prejezdbeskyd.eu\/index.php?rest_route=\/wp\/v2\/pages"}],"about":[{"href":"https:\/\/www.prejezdbeskyd.eu\/index.php?rest_route=\/wp\/v2\/types\/page"}],"author":[{"embeddable":true,"href":"https:\/\/www.prejezdbeskyd.eu\/index.php?rest_route=\/wp\/v2\/users\/1"}],"replies":[{"embeddable":true,"href":"https:\/\/www.prejezdbeskyd.eu\/index.php?rest_route=%2Fwp%2Fv2%2Fcomments&post=17"}],"version-history":[{"count":54,"href":"https:\/\/www.prejezdbeskyd.eu\/index.php?rest_route=\/wp\/v2\/pages\/17\/revisions"}],"predecessor-version":[{"id":428,"href":"https:\/\/www.prejezdbeskyd.eu\/index.php?rest_route=\/wp\/v2\/pages\/17\/revisions\/428"}],"wp:attachment":[{"href":"https:\/\/www.prejezdbeskyd.eu\/index.php?rest_route=%2Fwp%2Fv2%2Fmedia&parent=17"}],"curies":[{"name":"wp","href":"https:\/\/api.w.org\/{rel}","templated":true}]}}